{"version":"1.0","provider_name":"CRI e Diario de Pernambuco","provider_url":"https:\/\/diariodepe.com.br\/cri","title":"Presidente do Ir\u00e3 concede entrevista exclusiva ao CMG - CRI e Diario de Pernambuco","type":"rich","width":600,"height":338,"html":"<blockquote class=\"wp-embedded-content\" data-secret=\"fF21NtzgOz\"><a href=\"https:\/\/diariodepe.com.br\/cri\/2025\/09\/22\/presidente-do-ira-concede-entrevista-exclusiva-ao-cmg\/\">Presidente do Ir\u00e3 concede entrevista exclusiva ao CMG<\/a><\/blockquote><iframe sandbox=\"allow-scripts\" security=\"restricted\" src=\"https:\/\/diariodepe.com.br\/cri\/2025\/09\/22\/presidente-do-ira-concede-entrevista-exclusiva-ao-cmg\/embed\/#?secret=fF21NtzgOz\" width=\"600\" height=\"338\" title=\"&#8220;Presidente do Ir\u00e3 concede entrevista exclusiva ao CMG&#8221; &#8212; CRI e Diario de Pernambuco\" data-secret=\"fF21NtzgOz\" frameborder=\"0\" marginwidth=\"0\" marginheight=\"0\" scrolling=\"no\" class=\"wp-embedded-content\"><\/iframe><script type=\"text\/javascript\">\n\/* <![CDATA[ *\/\n\/*! This file is auto-generated *\/\n!function(d,l){\"use strict\";l.querySelector&&d.addEventListener&&\"undefined\"!=typeof URL&&(d.wp=d.wp||{},d.wp.receiveEmbedMessage||(d.wp.receiveEmbedMessage=function(e){var t=e.data;if((t||t.secret||t.message||t.value)&&!\/[^a-zA-Z0-9]\/.test(t.secret)){for(var s,r,n,a=l.querySelectorAll('iframe[data-secret=\"'+t.secret+'\"]'),o=l.querySelectorAll('blockquote[data-secret=\"'+t.secret+'\"]'),c=new RegExp(\"^https?:$\",\"i\"),i=0;i<o.length;i++)o[i].style.display=\"none\";for(i=0;i<a.length;i++)s=a[i],e.source===s.contentWindow&&(s.removeAttribute(\"style\"),\"height\"===t.message?(1e3<(r=parseInt(t.value,10))?r=1e3:~~r<200&&(r=200),s.height=r):\"link\"===t.message&&(r=new URL(s.getAttribute(\"src\")),n=new URL(t.value),c.test(n.protocol))&&n.host===r.host&&l.activeElement===s&&(d.top.location.href=t.value))}},d.addEventListener(\"message\",d.wp.receiveEmbedMessage,!1),l.addEventListener(\"DOMContentLoaded\",function(){for(var e,t,s=l.querySelectorAll(\"iframe.wp-embedded-content\"),r=0;r<s.length;r++)(t=(e=s[r]).getAttribute(\"data-secret\"))||(t=Math.random().toString(36).substring(2,12),e.src+=\"#?secret=\"+t,e.setAttribute(\"data-secret\",t)),e.contentWindow.postMessage({message:\"ready\",secret:t},\"*\")},!1)))}(window,document);\n\/* ]]> *\/\n<\/script>\n","description":"O presidente do Ir\u00e3, Masoud Pezeshkian, concedeu uma entrevista exclusiva ao Grupo de M\u00eddia da China (CMG, na sigla em ingl\u00eas), durante sua visita \u00e0 China para participar da c\u00fapula da Organiza\u00e7\u00e3o de Coopera\u00e7\u00e3o de Shanghai (OCS). Esta visita marca...","thumbnail_url":"https:\/\/38picres.cgtn.com\/photoAlbum\/page\/performance\/img\/2025\/9\/20\/1758363925113_608.jpeg"}